{"id":745,"date":"2016-03-10T18:51:46","date_gmt":"2016-03-10T18:51:46","guid":{"rendered":"https:\/\/default.houzez.co\/?page_id=745"},"modified":"2025-04-21T15:13:48","modified_gmt":"2025-04-21T13:13:48","slug":"mentions-legales","status":"publish","type":"page","link":"https:\/\/immobilier-lesallees.fr\/agence\/mentions-legales\/","title":{"rendered":"Mentions l\u00e9gales"},"content":{"rendered":"\t\t<div data-elementor-type=\"wp-page\" data-elementor-id=\"745\" class=\"elementor elementor-745\">\n\t\t\t\t\t\t\t\t\t<section class=\"elementor-section elementor-top-section elementor-element elementor-element-e2a37c7 elementor-section-boxed elementor-section-height-default elementor-section-height-default\" data-id=\"e2a37c7\" data-element_type=\"section\" data-settings=\"{&quot;background_background&quot;:&quot;classic&quot;}\">\n\t\t\t\t\t\t<div class=\"elementor-container elementor-column-gap-default\">\n\t\t\t\t\t<div class=\"elementor-column elementor-col-100 elementor-top-column elementor-element elementor-element-ef5a1f6\" data-id=\"ef5a1f6\" data-element_type=\"column\">\n\t\t\t<div class=\"elementor-widget-wrap elementor-element-populated\">\n\t\t\t\t\t\t\t\t<div class=\"elementor-element elementor-element-f62cf61 elementor-widget elementor-widget-spacer\" data-id=\"f62cf61\" data-element_type=\"widget\" data-widget_type=\"spacer.default\">\n\t\t\t\t<div class=\"elementor-widget-container\">\n\t\t\t<style>\/*! elementor - v3.18.0 - 08-12-2023 *\/\n.elementor-column .elementor-spacer-inner{height:var(--spacer-size)}.e-con{--container-widget-width:100%}.e-con-inner>.elementor-widget-spacer,.e-con>.elementor-widget-spacer{width:var(--container-widget-width,var(--spacer-size));--align-self:var(--container-widget-align-self,initial);--flex-shrink:0}.e-con-inner>.elementor-widget-spacer>.elementor-widget-container,.e-con>.elementor-widget-spacer>.elementor-widget-container{height:100%;width:100%}.e-con-inner>.elementor-widget-spacer>.elementor-widget-container>.elementor-spacer,.e-con>.elementor-widget-spacer>.elementor-widget-container>.elementor-spacer{height:100%}.e-con-inner>.elementor-widget-spacer>.elementor-widget-container>.elementor-spacer>.elementor-spacer-inner,.e-con>.elementor-widget-spacer>.elementor-widget-container>.elementor-spacer>.elementor-spacer-inner{height:var(--container-widget-height,var(--spacer-size))}.e-con-inner>.elementor-widget-spacer.elementor-widget-empty,.e-con>.elementor-widget-spacer.elementor-widget-empty{position:relative;min-height:22px;min-width:22px}.e-con-inner>.elementor-widget-spacer.elementor-widget-empty .elementor-widget-empty-icon,.e-con>.elementor-widget-spacer.elementor-widget-empty .elementor-widget-empty-icon{position:absolute;top:0;bottom:0;left:0;right:0;margin:auto;padding:0;width:22px;height:22px}<\/style>\t\t<div class=\"elementor-spacer\">\n\t\t\t<div class=\"elementor-spacer-inner\"><\/div>\n\t\t<\/div>\n\t\t\t\t<\/div>\n\t\t\t\t<\/div>\n\t\t\t\t<div class=\"elementor-element elementor-element-5e60d9a animated-slow elementor-invisible elementor-widget elementor-widget-houzez_elementor_section_title\" data-id=\"5e60d9a\" data-element_type=\"widget\" data-settings=\"{&quot;_animation&quot;:&quot;fadeIn&quot;}\" data-widget_type=\"houzez_elementor_section_title.default\">\n\t\t\t\t<div class=\"elementor-widget-container\">\n\t\t\t            <div class=\"houzez_section_title_wrap section-title-module\">\n                                    <h2 class=\"houzez_section_title\">Mentions L\u00e9gales <\/h2>\n                \n                            <\/div>\n            \t\t<\/div>\n\t\t\t\t<\/div>\n\t\t\t\t<div class=\"elementor-element elementor-element-546797b elementor-widget elementor-widget-text-editor\" data-id=\"546797b\" data-element_type=\"widget\" data-widget_type=\"text-editor.default\">\n\t\t\t\t<div class=\"elementor-widget-container\">\n\t\t\t<style>\/*! elementor - v3.18.0 - 08-12-2023 *\/\n.elementor-widget-text-editor.elementor-drop-cap-view-stacked .elementor-drop-cap{background-color:#69727d;color:#fff}.elementor-widget-text-editor.elementor-drop-cap-view-framed .elementor-drop-cap{color:#69727d;border:3px solid;background-color:transparent}.elementor-widget-text-editor:not(.elementor-drop-cap-view-default) .elementor-drop-cap{margin-top:8px}.elementor-widget-text-editor:not(.elementor-drop-cap-view-default) .elementor-drop-cap-letter{width:1em;height:1em}.elementor-widget-text-editor .elementor-drop-cap{float:left;text-align:center;line-height:1;font-size:50px}.elementor-widget-text-editor .elementor-drop-cap-letter{display:inline-block}<\/style>\t\t\t\t<p>Vous \u00eates actuellement connect\u00e9 au site : <strong>www.immobilier-lesallees.fr<\/strong>. L&#8217;utilisateur, en ayant acc\u00e8s \u00e0 ce site, s&#8217;engage \u00e0 se conformer aux pr\u00e9sentes conditions d&#8217;utilisation.<\/p>\n<p><strong>Information \u00e9diteur :<\/strong><br>La responsabilit\u00e9 de l&#8217;\u00e9dition de ce site sera port\u00e9e par le Directeur d\u2019<strong>immobilier les all\u00e9es<\/strong>.<\/p>\n<p><strong>Informatique et Libert\u00e9s :<\/strong><br>Conform\u00e9ment \u00e0 la loi \u00ab<strong> Informatique et Libert\u00e9s<\/strong> \u00bb du 6 janvier 1978 modifi\u00e9e par la loi du 20 juin 2018 (art.32), nous vous informons que les informations nominatives que l\u2019agence est amen\u00e9e \u00e0 recueillir proviennent de l&#8217;enregistrement volontaire de ces informations sur les formulaires de contact. Conform\u00e9ment \u00e0 l&#8217;<strong>article 32<\/strong> de cette m\u00eame loi, nous vous pr\u00e9cisons que : les informations, indispensables \u00e0 l\u2019agence pour traiter et ex\u00e9cuter vos demandes, vous sont signal\u00e9es par un ast\u00e9risque (*) dans nos pages. Les autres informations demand\u00e9es, pour lesquelles la r\u00e9ponse est facultative, sont destin\u00e9es \u00e0 mieux vous conna\u00eetre et ainsi \u00e0 am\u00e9liorer les services propos\u00e9s.<\/p>\n<p>Les informations peuvent \u00e9galement \u00eatre communiqu\u00e9es \u00e0 des sous-traitants pour, notamment, r\u00e9aliser les op\u00e9rations suivantes : <strong>h\u00e9bergement des donn\u00e9es et du site<\/strong>, <strong>recueil de la satisfaction client<\/strong>.<\/p>\n<p>Les finalit\u00e9s des traitements de vos donn\u00e9es personnelles sont les suivantes :<\/p>\n<ul>\n<li>communication d\u2019informations et d\u2019alertes, en cas de cr\u00e9ation d\u2019un compte clients, demande de rappel t\u00e9l\u00e9phonique,<\/li>\n<li>ex\u00e9cution des contrats conclus entre l\u2019agence et ses clients,<\/li>\n<li>gestion des r\u00e9clamations et des questionnaires de satisfaction des clients,<\/li>\n<li>mesures de fr\u00e9quentation des sites.<\/li>\n<\/ul>\n<p>Les r\u00e8gles de conservation des donn\u00e9es appliqu\u00e9es sont celles d\u00e9finies par la loi et varient selon les finalit\u00e9s du recueil et de votre statut : prospect, client de l\u2019agence, candidat \u00e0 un emploi\u2026<\/p>\n<p>En application des <strong>articles 39<\/strong> et <strong>40<\/strong> de cette m\u00eame loi, vous disposez d&#8217;un droit d&#8217;acc\u00e8s, de modification, de rectification, de suppression et de portabilit\u00e9 des donn\u00e9es qui vous concernent. Vous pouvez, \u00e0 tout moment, exercer ce droit en en \u00e9crivant \u00e0 l\u2019adresse : <strong>contact@immobilier-lesallees.fr<\/strong>. Toute demande doit \u00eatre accompagn\u00e9e d\u2019un justificatif d\u2019identit\u00e9.<br>En cas de difficult\u00e9 vous avez la possibilit\u00e9 de saisir la <strong>CNIL<\/strong>.<br>Les mineurs de moins de 16 ans ne doivent pas communiquer de donn\u00e9es sur le site : <strong>immobilier-lesallees.fr<\/strong>.<\/p>\n<p>En cas de prospection commerciale par <strong>mail<\/strong> ou <strong>sms<\/strong>, vous avez la possibilit\u00e9 de ne plus recevoir ces informations ou propositions en cliquant sur le lien de d\u00e9sabonnement ins\u00e9r\u00e9 dans chacun des emails ou en contactant l\u2019agence ou en \u00e9crivant \u00e0 l\u2019adresse mail de l\u2019agence.<\/p>\n<p>Si vous ne souhaitez pas \u00eatre d\u00e9march\u00e9 par t\u00e9l\u00e9phone vous avez la possibilit\u00e9 de vous inscrire sur la liste d\u2019opposition au d\u00e9marchage t\u00e9l\u00e9phonique sur le site : <strong>www.bloctel.gouv.fr<\/strong>.<\/p>\n<p><strong>Exercice du droit d&#8217;acc\u00e8s :<\/strong><br>Conform\u00e9ment \u00e0 l&#8217;<strong>article 34 de la Loi Informatique et Libert\u00e9s<\/strong>, vous disposez d&#8217;un droit d&#8217;acc\u00e8s, de modification, de rectification et de suppression des donn\u00e9es qui vous concernent. Pour exercer ce droit d&#8217;acc\u00e8s, adressez un mail \u00e0 : <strong>contact@immobilier-lesallees.fr<\/strong>. Pour plus d&#8217;informations sur la<strong> loi Informatique et Libert\u00e9s<\/strong>, vous pouvez consulter le site Internet de la <strong>CNIL<\/strong>.<\/p>\n<p><strong>Droits d&#8217;auteur et Copyright :<\/strong><br>L&#8217;ensemble des informations pr\u00e9sentes sur ce site peut \u00eatre t\u00e9l\u00e9charg\u00e9, reproduit, imprim\u00e9 sous r\u00e9serve de :<\/p>\n<ul>\n<li>n&#8217;utiliser de telles informations qu&#8217;\u00e0 des fins personnelles et en aucune mani\u00e8re \u00e0 des fins commerciales ;<\/li>\n<li>ne pas modifier de telles informations ;<\/li>\n<li>reproduire sur toutes copies la mention des droits d&#8217;auteur (&#8220;le copyright&#8221;) <strong>contact@immobilier-lesallees.fr<\/strong>.<\/li>\n<\/ul>\n<p>Toute autre utilisation non express\u00e9ment autoris\u00e9e est strictement interdite sans autorisation pr\u00e9alable et \u00e9crite de l\u2019agence immobilier les all\u00e9es.<\/p>\n<p><strong>Responsabilit\u00e9 :<\/strong><br>L&#8217;ensemble des informations accessibles via ce site est fourni en l&#8217;\u00e9tat. <strong>Immobilier les all\u00e9es<\/strong> ne donne aucune garantie, explicite ou implicite, et n&#8217;assume aucune responsabilit\u00e9 relative \u00e0 l&#8217;utilisation de ces informations. L&#8217;utilisateur est seul responsable de l&#8217;utilisation de telles informations. <strong>Immobilier les all\u00e9es<\/strong> se r\u00e9serve le droit de modifier \u00e0 tout moment les pr\u00e9sentes notamment en actualisant ce site. <strong>Immobilier les all\u00e9es<\/strong> ne pourra \u00eatre responsable pour quelque dommage que ce soit tant direct qu&#8217;indirect, r\u00e9sultant d&#8217;une information contenue sur ce site. L&#8217;utilisateur s&#8217;engage \u00e0 ne transmettre sur ce site aucune information pouvant entra\u00eener une responsabilit\u00e9 civile ou p\u00e9nale et s&#8217;engage \u00e0 ce titre \u00e0 ne pas divulguer via ce site des informations ill\u00e9gales, contraires \u00e0 l&#8217;ordre public ou diffamatoires. Les sites ext\u00e9rieurs ayant un lien hypertexte avec le pr\u00e9sent site ne sont pas sous contr\u00f4le de l\u2019agence <strong>Immobilier les all\u00e9es<\/strong> qui d\u00e9cline par cons\u00e9quent toute responsabilit\u00e9 quant \u00e0 leur contenu. L&#8217;utilisateur est seul responsable de leur utilisation.<\/p>\n<p><strong>Qu&#8217;est-ce qu&#8217;un cookie ?<\/strong><br>Un cookie est une donn\u00e9e qui est stock\u00e9e sur un ordinateur, une tablette ou un mobile lorsque vous naviguez sur Internet de fa\u00e7on \u00e0 ce que cet ordinateur, cette tablette ou ce mobile (&#8220;appareil&#8221;) puisse \u00eatre reconnu plus tard.<br>Les cookies enregistr\u00e9s par nous ou par des tiers lorsque vous visitez notre site Internet ne vous reconnaissent pas personnellement en tant qu&#8217;individu ; ils reconnaissent seulement l&#8217;appareil que vous \u00eates en train d&#8217;utiliser.<br>Les cookies ne causent aucun dommage, de quelque sorte que ce soit, \u00e0 votre appareil mais ils vous permettent de b\u00e9n\u00e9ficier de certaines fonctionnalit\u00e9s de notre site Internet. Par exemple, ils nous permettent de vous proposer en page d&#8217;accueil des biens correspondant \u00e0 votre derni\u00e8re recherche.<br>Ils nous aident \u00e9galement \u00e0 garder notre site Internet s\u00e9curis\u00e9, nous rappeler de vos pr\u00e9f\u00e9rences et \u00e0 personnaliser le contenu de notre site Internet de sorte qu&#8217;il soit plus adapt\u00e9 \u00e0 vous.<\/p>\n<p>En outil d&#8217;analyse d&#8217;audience, le site web mis \u00e0 disposition utilise plus particuli\u00e8rement <strong>Google Analytics<\/strong>. Dans ce cadre, les donn\u00e9es g\u00e9n\u00e9r\u00e9es par les cookies concernant votre utilisation du site seront transmises et stock\u00e9es par Google sur des serveurs situ\u00e9s aux Etats-Unis. Google se conforme aux dispositions relatives \u00e0 la protection des donn\u00e9es des \u00ab <strong>Safe Harbor Principes<\/strong> \u00bb. <strong>Google Analytics<\/strong> a \u00e9t\u00e9 param\u00e9tr\u00e9 par nous sur ce site avec l&#8217;option \u00ab <strong>Anonymize IP<\/strong> \u00bb, qui veille \u00e0 ce que votre adresse IP soit toujours trait\u00e9e de mani\u00e8re anonyme.<br>Acc\u00e9dez aux r\u00e8gles de confidentialit\u00e9 Google&nbsp;ici.<br>Bien entendu vous pouvez vous opposer plus globalement \u00e0 l&#8217;enregistrement de cookies (ou technologie \u00e9quivalente) en s\u00e9lectionnant les param\u00e8tres appropri\u00e9s de votre navigateur (ou autre interface m\u00e9dia utilis\u00e9e : smartphone, tablette,&#8230;). Cependant, une telle d\u00e9sactivation pourrait emp\u00eacher l&#8217;utilisation de certaines fonctionnalit\u00e9s de ce site.<br>A titre d&#8217;exemple, pour bloquer <strong>Google Analytics<\/strong>, vous pouvez prendre connaissance de la page web de Google&nbsp;ici&nbsp;(afin de bloquer \u00e0 votre propre initiative tout tra\u00e7age men\u00e9 par un site web employant cet outil).<br><a href=\"https:\/\/tools.google.com\/dlpage\/gaoptout\">Cliquez ici pour vous opposer aux cookies de mesure d&#8217;audience de Google<\/a>.<\/p>\n<p><strong>Messagerie :<\/strong><br>Pour toute remarque sur le fonctionnement du site, contactez-nous par mail \u00e0 l&#8217;adresse : <strong>contact@immobilier-lesallees.fr<\/strong>.<br><strong><em>Important<\/em> :<\/strong> Les messages que vous nous ferez parvenir par l&#8217;interm\u00e9diaire d&#8217;internet peuvent \u00eatre intercept\u00e9s sur le r\u00e9seau. Jusqu&#8217;\u00e0 ce qu&#8217;ils nous parviennent, leur confidentialit\u00e9 ne peut \u00eatre garantie.<\/p>\n<p><strong>Crit\u00e8res de diffusion des annonces :<\/strong><br>Sont r\u00e9f\u00e9renc\u00e9es sur notre site les annonces de biens immobilier \u00e0 vendre ou \u00e0 louer ayant fait l&#8217;objet d&#8217;un mandat de vente ou de location avec notre agence. La r\u00e9siliation du mandat de vente ou de location a pour cons\u00e9quence la suppression de l&#8217;annonce.<br>Les annonces sont r\u00e9f\u00e9renc\u00e9es par d\u00e9faut selon les crit\u00e8res suivant: &#8211; exclusivit\u00e9 du mandat &#8211; puis par prix d\u00e9croissant. Toutefois, l&#8217;internaute b\u00e9n\u00e9ficie de la possibilit\u00e9 de s\u00e9lectionner un ou plusieurs autres filtres (lieu, type de bien, superficie, budget) Il pourra \u00e9galement recevoir des annonces sur des biens similaires s\u00e9lectionn\u00e9s sur la base des crit\u00e8res qu&#8217;il aura s\u00e9lectionn\u00e9.<\/p>\n<p><strong>Immobilier Les All\u00e9es \/ CONFI IMMO :<\/strong><br>3 Place du pr\u00e9sident Kennedy 92170 VANVES<br><strong>T\u00e9l. :<\/strong> 07.85.19.11.21<br>SAS au capital de 5000\u20ac<br><strong>Siren :<\/strong> 837528504 NANTERRE<br><strong>N\u00b0 Carte Professionnelle :<\/strong> CPI 9201 2018 000 025 912 &#8211; CCI PARIS ILE DE FRANCE<br>Non d\u00e9tention de fonds <br><strong>contact@immobilier-lesallees.fr<\/strong><\/p>\t\t\t\t\t\t<\/div>\n\t\t\t\t<\/div>\n\t\t\t\t<div class=\"elementor-element elementor-element-46d761a elementor-widget elementor-widget-spacer\" data-id=\"46d761a\" data-element_type=\"widget\" data-widget_type=\"spacer.default\">\n\t\t\t\t<div class=\"elementor-widget-container\">\n\t\t\t\t\t<div class=\"elementor-spacer\">\n\t\t\t<div class=\"elementor-spacer-inner\"><\/div>\n\t\t<\/div>\n\t\t\t\t<\/div>\n\t\t\t\t<\/div>\n\t\t\t\t\t<\/div>\n\t\t<\/div>\n\t\t\t\t\t\t\t<\/div>\n\t\t<\/section>\n\t\t\t\t\t\t\t<\/div>\n\t\t","protected":false},"excerpt":{"rendered":"<p>Mentions L\u00e9gales Vous \u00eates actuellement connect\u00e9 au site : www.immobilier-lesallees.fr. L&#8217;utilisateur, en ayant acc\u00e8s \u00e0 ce site, s&#8217;engage \u00e0 se conformer aux pr\u00e9sentes conditions d&#8217;utilisation. Information \u00e9diteur :La responsabilit\u00e9 de l&#8217;\u00e9dition de ce site sera port\u00e9e par le Directeur d\u2019immobilier les all\u00e9es. Informatique et Libert\u00e9s :Conform\u00e9ment \u00e0 la loi \u00ab Informatique et Libert\u00e9s \u00bb du [&hellip;]<\/p>\n","protected":false},"author":1,"featured_media":0,"parent":0,"menu_order":0,"comment_status":"closed","ping_status":"closed","template":"template\/template-homepage.php","meta":{"footnotes":""},"class_list":["post-745","page","type-page","status-publish","hentry"],"yoast_head":"<!-- This site is optimized with the Yoast SEO plugin v21.7 - https:\/\/yoast.com\/wordpress\/plugins\/seo\/ -->\n<title>Mentions l\u00e9gales - Immobilier Les All\u00e9es<\/title>\n<meta name=\"robots\" content=\"index, follow, max-snippet:-1, max-image-preview:large, max-video-preview:-1\" \/>\n<link rel=\"canonical\" href=\"https:\/\/immobilier-lesallees.fr\/agence\/mentions-legales\/\" \/>\n<meta property=\"og:locale\" content=\"fr_FR\" \/>\n<meta property=\"og:type\" content=\"article\" \/>\n<meta property=\"og:title\" content=\"Mentions l\u00e9gales - Immobilier Les All\u00e9es\" \/>\n<meta property=\"og:description\" content=\"Mentions L\u00e9gales Vous \u00eates actuellement connect\u00e9 au site : www.immobilier-lesallees.fr. L&#8217;utilisateur, en ayant acc\u00e8s \u00e0 ce site, s&#8217;engage \u00e0 se conformer aux pr\u00e9sentes conditions d&#8217;utilisation. Information \u00e9diteur :La responsabilit\u00e9 de l&#8217;\u00e9dition de ce site sera port\u00e9e par le Directeur d\u2019immobilier les all\u00e9es. Informatique et Libert\u00e9s :Conform\u00e9ment \u00e0 la loi \u00ab Informatique et Libert\u00e9s \u00bb du [&hellip;]\" \/>\n<meta property=\"og:url\" content=\"https:\/\/immobilier-lesallees.fr\/agence\/mentions-legales\/\" \/>\n<meta property=\"og:site_name\" content=\"Immobilier Les All\u00e9es\" \/>\n<meta property=\"article:modified_time\" content=\"2025-04-21T13:13:48+00:00\" \/>\n<meta name=\"twitter:card\" content=\"summary_large_image\" \/>\n<meta name=\"twitter:label1\" content=\"Dur\u00e9e de lecture estim\u00e9e\" \/>\n\t<meta name=\"twitter:data1\" content=\"7 minutes\" \/>\n<script type=\"application\/ld+json\" class=\"yoast-schema-graph\">{\"@context\":\"https:\/\/schema.org\",\"@graph\":[{\"@type\":\"WebPage\",\"@id\":\"https:\/\/immobilier-lesallees.fr\/agence\/mentions-legales\/\",\"url\":\"https:\/\/immobilier-lesallees.fr\/agence\/mentions-legales\/\",\"name\":\"Mentions l\u00e9gales - Immobilier Les All\u00e9es\",\"isPartOf\":{\"@id\":\"https:\/\/immobilier-lesallees.fr\/agence\/#website\"},\"datePublished\":\"2016-03-10T18:51:46+00:00\",\"dateModified\":\"2025-04-21T13:13:48+00:00\",\"breadcrumb\":{\"@id\":\"https:\/\/immobilier-lesallees.fr\/agence\/mentions-legales\/#breadcrumb\"},\"inLanguage\":\"fr-FR\",\"potentialAction\":[{\"@type\":\"ReadAction\",\"target\":[\"https:\/\/immobilier-lesallees.fr\/agence\/mentions-legales\/\"]}]},{\"@type\":\"BreadcrumbList\",\"@id\":\"https:\/\/immobilier-lesallees.fr\/agence\/mentions-legales\/#breadcrumb\",\"itemListElement\":[{\"@type\":\"ListItem\",\"position\":1,\"name\":\"Accueil\",\"item\":\"https:\/\/immobilier-lesallees.fr\/agence\/\"},{\"@type\":\"ListItem\",\"position\":2,\"name\":\"Mentions l\u00e9gales\"}]},{\"@type\":\"WebSite\",\"@id\":\"https:\/\/immobilier-lesallees.fr\/agence\/#website\",\"url\":\"https:\/\/immobilier-lesallees.fr\/agence\/\",\"name\":\"Immobilier Les All\u00e9es\",\"description\":\"Main dans la main, tout au long du chemin...\",\"publisher\":{\"@id\":\"https:\/\/immobilier-lesallees.fr\/agence\/#organization\"},\"potentialAction\":[{\"@type\":\"SearchAction\",\"target\":{\"@type\":\"EntryPoint\",\"urlTemplate\":\"https:\/\/immobilier-lesallees.fr\/agence\/?s={search_term_string}\"},\"query-input\":\"required name=search_term_string\"}],\"inLanguage\":\"fr-FR\"},{\"@type\":\"Organization\",\"@id\":\"https:\/\/immobilier-lesallees.fr\/agence\/#organization\",\"name\":\"Immobilier Les All\u00e9es\",\"url\":\"https:\/\/immobilier-lesallees.fr\/agence\/\",\"logo\":{\"@type\":\"ImageObject\",\"inLanguage\":\"fr-FR\",\"@id\":\"https:\/\/immobilier-lesallees.fr\/agence\/#\/schema\/logo\/image\/\",\"url\":\"https:\/\/immobilier-lesallees.fr\/agence\/wp-content\/uploads\/2022\/04\/logo_immo-lesalleesForPrint.png\",\"contentUrl\":\"https:\/\/immobilier-lesallees.fr\/agence\/wp-content\/uploads\/2022\/04\/logo_immo-lesalleesForPrint.png\",\"width\":365,\"height\":43,\"caption\":\"Immobilier Les All\u00e9es\"},\"image\":{\"@id\":\"https:\/\/immobilier-lesallees.fr\/agence\/#\/schema\/logo\/image\/\"}}]}<\/script>\n<!-- \/ Yoast SEO plugin. -->","yoast_head_json":{"title":"Mentions l\u00e9gales - Immobilier Les All\u00e9es","robots":{"index":"index","follow":"follow","max-snippet":"max-snippet:-1","max-image-preview":"max-image-preview:large","max-video-preview":"max-video-preview:-1"},"canonical":"https:\/\/immobilier-lesallees.fr\/agence\/mentions-legales\/","og_locale":"fr_FR","og_type":"article","og_title":"Mentions l\u00e9gales - Immobilier Les All\u00e9es","og_description":"Mentions L\u00e9gales Vous \u00eates actuellement connect\u00e9 au site : www.immobilier-lesallees.fr. L&#8217;utilisateur, en ayant acc\u00e8s \u00e0 ce site, s&#8217;engage \u00e0 se conformer aux pr\u00e9sentes conditions d&#8217;utilisation. Information \u00e9diteur :La responsabilit\u00e9 de l&#8217;\u00e9dition de ce site sera port\u00e9e par le Directeur d\u2019immobilier les all\u00e9es. Informatique et Libert\u00e9s :Conform\u00e9ment \u00e0 la loi \u00ab Informatique et Libert\u00e9s \u00bb du [&hellip;]","og_url":"https:\/\/immobilier-lesallees.fr\/agence\/mentions-legales\/","og_site_name":"Immobilier Les All\u00e9es","article_modified_time":"2025-04-21T13:13:48+00:00","twitter_card":"summary_large_image","twitter_misc":{"Dur\u00e9e de lecture estim\u00e9e":"7 minutes"},"schema":{"@context":"https:\/\/schema.org","@graph":[{"@type":"WebPage","@id":"https:\/\/immobilier-lesallees.fr\/agence\/mentions-legales\/","url":"https:\/\/immobilier-lesallees.fr\/agence\/mentions-legales\/","name":"Mentions l\u00e9gales - Immobilier Les All\u00e9es","isPartOf":{"@id":"https:\/\/immobilier-lesallees.fr\/agence\/#website"},"datePublished":"2016-03-10T18:51:46+00:00","dateModified":"2025-04-21T13:13:48+00:00","breadcrumb":{"@id":"https:\/\/immobilier-lesallees.fr\/agence\/mentions-legales\/#breadcrumb"},"inLanguage":"fr-FR","potentialAction":[{"@type":"ReadAction","target":["https:\/\/immobilier-lesallees.fr\/agence\/mentions-legales\/"]}]},{"@type":"BreadcrumbList","@id":"https:\/\/immobilier-lesallees.fr\/agence\/mentions-legales\/#breadcrumb","itemListElement":[{"@type":"ListItem","position":1,"name":"Accueil","item":"https:\/\/immobilier-lesallees.fr\/agence\/"},{"@type":"ListItem","position":2,"name":"Mentions l\u00e9gales"}]},{"@type":"WebSite","@id":"https:\/\/immobilier-lesallees.fr\/agence\/#website","url":"https:\/\/immobilier-lesallees.fr\/agence\/","name":"Immobilier Les All\u00e9es","description":"Main dans la main, tout au long du chemin...","publisher":{"@id":"https:\/\/immobilier-lesallees.fr\/agence\/#organization"},"potentialAction":[{"@type":"SearchAction","target":{"@type":"EntryPoint","urlTemplate":"https:\/\/immobilier-lesallees.fr\/agence\/?s={search_term_string}"},"query-input":"required name=search_term_string"}],"inLanguage":"fr-FR"},{"@type":"Organization","@id":"https:\/\/immobilier-lesallees.fr\/agence\/#organization","name":"Immobilier Les All\u00e9es","url":"https:\/\/immobilier-lesallees.fr\/agence\/","logo":{"@type":"ImageObject","inLanguage":"fr-FR","@id":"https:\/\/immobilier-lesallees.fr\/agence\/#\/schema\/logo\/image\/","url":"https:\/\/immobilier-lesallees.fr\/agence\/wp-content\/uploads\/2022\/04\/logo_immo-lesalleesForPrint.png","contentUrl":"https:\/\/immobilier-lesallees.fr\/agence\/wp-content\/uploads\/2022\/04\/logo_immo-lesalleesForPrint.png","width":365,"height":43,"caption":"Immobilier Les All\u00e9es"},"image":{"@id":"https:\/\/immobilier-lesallees.fr\/agence\/#\/schema\/logo\/image\/"}}]}},"_links":{"self":[{"href":"https:\/\/immobilier-lesallees.fr\/agence\/wp-json\/wp\/v2\/pages\/745","targetHints":{"allow":["GET"]}}],"collection":[{"href":"https:\/\/immobilier-lesallees.fr\/agence\/wp-json\/wp\/v2\/pages"}],"about":[{"href":"https:\/\/immobilier-lesallees.fr\/agence\/wp-json\/wp\/v2\/types\/page"}],"author":[{"embeddable":true,"href":"https:\/\/immobilier-lesallees.fr\/agence\/wp-json\/wp\/v2\/users\/1"}],"replies":[{"embeddable":true,"href":"https:\/\/immobilier-lesallees.fr\/agence\/wp-json\/wp\/v2\/comments?post=745"}],"version-history":[{"count":27,"href":"https:\/\/immobilier-lesallees.fr\/agence\/wp-json\/wp\/v2\/pages\/745\/revisions"}],"predecessor-version":[{"id":19135,"href":"https:\/\/immobilier-lesallees.fr\/agence\/wp-json\/wp\/v2\/pages\/745\/revisions\/19135"}],"wp:attachment":[{"href":"https:\/\/immobilier-lesallees.fr\/agence\/wp-json\/wp\/v2\/media?parent=745"}],"curies":[{"name":"wp","href":"https:\/\/api.w.org\/{rel}","templated":true}]}}