{"id":18868,"date":"2023-04-06T16:55:21","date_gmt":"2023-04-06T14:55:21","guid":{"rendered":"https:\/\/immobilier-lesallees.fr\/agence\/?post_type=property&#038;p=18868"},"modified":"2023-04-08T10:35:02","modified_gmt":"2023-04-08T08:35:02","slug":"deux-pieces-montrouge-au-pied-du-metro","status":"publish","type":"property","link":"https:\/\/immobilier-lesallees.fr\/agence\/property\/deux-pieces-montrouge-au-pied-du-metro\/","title":{"rendered":"Deux pi\u00e8ces Montrouge au pied du m\u00e9tro"},"content":{"rendered":"\n<p>Deux pi\u00e8ces avec beaucoup de potentiel au pied du m\u00e9tro Mairie de Montrouge. Au 2\u00e8me \u00e9tage. Plan sans perte de place. Immeuble de standing de 1985. S\u00e9jour donnant sur balcon de 7 m2. Tr\u00e8s calme. Exposition Est. Cave.<\/p>\n","protected":false},"excerpt":{"rendered":"<p>Deux pi\u00e8ces avec beaucoup de potentiel au pied du m\u00e9tro Mairie de Montrouge. Au 2\u00e8me \u00e9tage. Plan sans perte de place. Immeuble de standing de 1985. S\u00e9jour donnant sur balcon de 7 m2. Tr\u00e8s calme. Exposition Est. Cave.<\/p>\n","protected":false},"author":3,"featured_media":18791,"parent":0,"menu_order":0,"template":"","property_type":[73],"property_status":[],"property_feature":[120,121,123,124,118],"property_label":[62],"property_country":[],"property_state":[82],"property_city":[84],"property_area":[88],"class_list":["post-18868","property","type-property","status-publish","has-post-thumbnail","hentry","property_type-appartement","property_feature-ascenseur","property_feature-balcon","property_feature-cave","property_feature-gardien","property_feature-interphone","property_label-vendu","property_state-hauts-de-seine-92","property_city-montrouge","property_area-ile-de-france"],"property_meta":{"_edit_lock":["1697009260:3"],"_thumbnail_id":["18791"],"_edit_last":["3"],"fave_property_size":["42"],"fave_property_size_prefix":["m2"],"fave_property_bedrooms":["1"],"fave_property_rooms":["2"],"fave_property_bathrooms":["1"],"fave_property_id":["Mo109"],"fave_property_map":["1"],"fave_property_location":["48.815532,2.310241,15"],"houzez_geolocation_lat":["48.815532"],"houzez_geolocation_long":["2.310241"],"fave_property_map_street_view":["hide"],"fave_featured":["1"],"fave_loggedintoview":["0"],"fave_agent_display_option":["author_info"],"fave_prop_homeslider":["no"],"fave_single_top_area":["global"],"fave_single_content_area":["global"],"houzez_manual_expire":["0"],"_houzez_expiration_date_status":["saved"],"_yoast_wpseo_primary_property_type":["73"],"_yoast_wpseo_primary_property_label":["62"],"_yoast_wpseo_primary_property_state":["82"],"_yoast_wpseo_primary_property_city":["84"],"_yoast_wpseo_primary_property_area":["88"],"_yoast_wpseo_estimated-reading-time-minutes":[""],"fave_property_map_address":["Avenue Jean Jaur\u00e8s, Quartier Jean Jaur\u00e8s, Montrouge, Antony, Hauts-de-Seine, \u00cele-de-France, France m\u00e9tropolitaine, 92120, France"],"_yoast_wpseo_primary_property_feature":["120"],"houzez_total_property_views":["998"],"houzez_views_by_date":["a:61:{s:10:\"02-11-2026\";i:2;s:10:\"02-12-2026\";i:4;s:10:\"02-13-2026\";i:3;s:10:\"02-14-2026\";i:2;s:10:\"02-16-2026\";i:5;s:10:\"02-17-2026\";i:1;s:10:\"02-18-2026\";i:4;s:10:\"02-19-2026\";i:1;s:10:\"02-20-2026\";i:4;s:10:\"02-21-2026\";i:1;s:10:\"02-22-2026\";i:1;s:10:\"02-23-2026\";i:2;s:10:\"02-24-2026\";i:4;s:10:\"02-25-2026\";i:2;s:10:\"02-26-2026\";i:2;s:10:\"02-28-2026\";i:4;s:10:\"03-01-2026\";i:2;s:10:\"03-03-2026\";i:3;s:10:\"03-04-2026\";i:1;s:10:\"03-05-2026\";i:2;s:10:\"03-06-2026\";i:1;s:10:\"03-07-2026\";i:1;s:10:\"03-09-2026\";i:3;s:10:\"03-10-2026\";i:2;s:10:\"03-12-2026\";i:1;s:10:\"03-13-2026\";i:1;s:10:\"03-14-2026\";i:4;s:10:\"03-15-2026\";i:2;s:10:\"03-16-2026\";i:2;s:10:\"03-17-2026\";i:1;s:10:\"03-18-2026\";i:4;s:10:\"03-19-2026\";i:3;s:10:\"03-20-2026\";i:1;s:10:\"03-21-2026\";i:4;s:10:\"03-22-2026\";i:3;s:10:\"03-23-2026\";i:1;s:10:\"03-25-2026\";i:1;s:10:\"03-27-2026\";i:4;s:10:\"03-29-2026\";i:3;s:10:\"03-31-2026\";i:1;s:10:\"04-01-2026\";i:1;s:10:\"04-02-2026\";i:1;s:10:\"04-03-2026\";i:2;s:10:\"04-05-2026\";i:1;s:10:\"04-07-2026\";i:3;s:10:\"04-08-2026\";i:2;s:10:\"04-10-2026\";i:1;s:10:\"04-11-2026\";i:2;s:10:\"04-13-2026\";i:2;s:10:\"04-14-2026\";i:1;s:10:\"04-15-2026\";i:3;s:10:\"04-16-2026\";i:1;s:10:\"04-20-2026\";i:2;s:10:\"04-21-2026\";i:2;s:10:\"04-22-2026\";i:1;s:10:\"04-23-2026\";i:1;s:10:\"04-25-2026\";i:1;s:10:\"04-26-2026\";i:2;s:10:\"04-27-2026\";i:1;s:10:\"04-28-2026\";i:2;s:10:\"04-29-2026\";i:2;}"],"houzez_recently_viewed":["2026-04-30 00:52:55"],"fave_property_images":["18792","18791"]},"yoast_head":"<!-- This site is optimized with the Yoast SEO plugin v21.7 - https:\/\/yoast.com\/wordpress\/plugins\/seo\/ -->\n<title>Immobilier Les All\u00e9es - Deux pi\u00e8ces Montrouge au pied du m\u00e9tro<\/title>\n<meta name=\"robots\" content=\"index, follow, max-snippet:-1, max-image-preview:large, max-video-preview:-1\" \/>\n<link rel=\"canonical\" href=\"https:\/\/immobilier-lesallees.fr\/agence\/property\/deux-pieces-montrouge-au-pied-du-metro\/\" \/>\n<meta property=\"og:locale\" content=\"fr_FR\" \/>\n<meta property=\"og:type\" content=\"article\" \/>\n<meta property=\"og:title\" content=\"Immobilier Les All\u00e9es - Deux pi\u00e8ces Montrouge au pied du m\u00e9tro\" \/>\n<meta property=\"og:description\" content=\"Deux pi\u00e8ces avec beaucoup de potentiel au pied du m\u00e9tro Mairie de Montrouge. Au 2\u00e8me \u00e9tage. Plan sans perte de place. Immeuble de standing de 1985. S\u00e9jour donnant sur balcon de 7 m2. Tr\u00e8s calme. Exposition Est. Cave.\" \/>\n<meta property=\"og:url\" content=\"https:\/\/immobilier-lesallees.fr\/agence\/property\/deux-pieces-montrouge-au-pied-du-metro\/\" \/>\n<meta property=\"og:site_name\" content=\"Immobilier Les All\u00e9es\" \/>\n<meta property=\"article:modified_time\" content=\"2023-04-08T08:35:02+00:00\" \/>\n<meta property=\"og:image\" content=\"https:\/\/immobilier-lesallees.fr\/agence\/wp-content\/uploads\/2023\/04\/Immobilier-lesallees-Mo109-Balcon-1.jpg\" \/>\n\t<meta property=\"og:image:width\" content=\"901\" \/>\n\t<meta property=\"og:image:height\" content=\"643\" \/>\n\t<meta property=\"og:image:type\" content=\"image\/jpeg\" \/>\n<meta name=\"twitter:card\" content=\"summary_large_image\" \/>\n<script type=\"application\/ld+json\" class=\"yoast-schema-graph\">{\"@context\":\"https:\/\/schema.org\",\"@graph\":[{\"@type\":\"WebPage\",\"@id\":\"https:\/\/immobilier-lesallees.fr\/agence\/property\/deux-pieces-montrouge-au-pied-du-metro\/\",\"url\":\"https:\/\/immobilier-lesallees.fr\/agence\/property\/deux-pieces-montrouge-au-pied-du-metro\/\",\"name\":\"Immobilier Les All\u00e9es - Deux pi\u00e8ces Montrouge au pied du m\u00e9tro\",\"isPartOf\":{\"@id\":\"https:\/\/immobilier-lesallees.fr\/agence\/#website\"},\"datePublished\":\"2023-04-06T14:55:21+00:00\",\"dateModified\":\"2023-04-08T08:35:02+00:00\",\"breadcrumb\":{\"@id\":\"https:\/\/immobilier-lesallees.fr\/agence\/property\/deux-pieces-montrouge-au-pied-du-metro\/#breadcrumb\"},\"inLanguage\":\"fr-FR\",\"potentialAction\":[{\"@type\":\"ReadAction\",\"target\":[\"https:\/\/immobilier-lesallees.fr\/agence\/property\/deux-pieces-montrouge-au-pied-du-metro\/\"]}]},{\"@type\":\"BreadcrumbList\",\"@id\":\"https:\/\/immobilier-lesallees.fr\/agence\/property\/deux-pieces-montrouge-au-pied-du-metro\/#breadcrumb\",\"itemListElement\":[{\"@type\":\"ListItem\",\"position\":1,\"name\":\"Accueil\",\"item\":\"https:\/\/immobilier-lesallees.fr\/agence\/\"},{\"@type\":\"ListItem\",\"position\":2,\"name\":\"Propri\u00e9t\u00e9s\",\"item\":\"https:\/\/immobilier-lesallees.fr\/agence\/property\/\"},{\"@type\":\"ListItem\",\"position\":3,\"name\":\"Deux pi\u00e8ces Montrouge au pied du m\u00e9tro\"}]},{\"@type\":\"WebSite\",\"@id\":\"https:\/\/immobilier-lesallees.fr\/agence\/#website\",\"url\":\"https:\/\/immobilier-lesallees.fr\/agence\/\",\"name\":\"Immobilier Les All\u00e9es\",\"description\":\"Main dans la main, tout au long du chemin...\",\"publisher\":{\"@id\":\"https:\/\/immobilier-lesallees.fr\/agence\/#organization\"},\"potentialAction\":[{\"@type\":\"SearchAction\",\"target\":{\"@type\":\"EntryPoint\",\"urlTemplate\":\"https:\/\/immobilier-lesallees.fr\/agence\/?s={search_term_string}\"},\"query-input\":\"required name=search_term_string\"}],\"inLanguage\":\"fr-FR\"},{\"@type\":\"Organization\",\"@id\":\"https:\/\/immobilier-lesallees.fr\/agence\/#organization\",\"name\":\"Immobilier Les All\u00e9es\",\"url\":\"https:\/\/immobilier-lesallees.fr\/agence\/\",\"logo\":{\"@type\":\"ImageObject\",\"inLanguage\":\"fr-FR\",\"@id\":\"https:\/\/immobilier-lesallees.fr\/agence\/#\/schema\/logo\/image\/\",\"url\":\"https:\/\/immobilier-lesallees.fr\/agence\/wp-content\/uploads\/2022\/04\/logo_immo-lesalleesForPrint.png\",\"contentUrl\":\"https:\/\/immobilier-lesallees.fr\/agence\/wp-content\/uploads\/2022\/04\/logo_immo-lesalleesForPrint.png\",\"width\":365,\"height\":43,\"caption\":\"Immobilier Les All\u00e9es\"},\"image\":{\"@id\":\"https:\/\/immobilier-lesallees.fr\/agence\/#\/schema\/logo\/image\/\"}}]}<\/script>\n<!-- \/ Yoast SEO plugin. -->","yoast_head_json":{"title":"Immobilier Les All\u00e9es - Deux pi\u00e8ces Montrouge au pied du m\u00e9tro","robots":{"index":"index","follow":"follow","max-snippet":"max-snippet:-1","max-image-preview":"max-image-preview:large","max-video-preview":"max-video-preview:-1"},"canonical":"https:\/\/immobilier-lesallees.fr\/agence\/property\/deux-pieces-montrouge-au-pied-du-metro\/","og_locale":"fr_FR","og_type":"article","og_title":"Immobilier Les All\u00e9es - Deux pi\u00e8ces Montrouge au pied du m\u00e9tro","og_description":"Deux pi\u00e8ces avec beaucoup de potentiel au pied du m\u00e9tro Mairie de Montrouge. Au 2\u00e8me \u00e9tage. Plan sans perte de place. Immeuble de standing de 1985. S\u00e9jour donnant sur balcon de 7 m2. Tr\u00e8s calme. Exposition Est. Cave.","og_url":"https:\/\/immobilier-lesallees.fr\/agence\/property\/deux-pieces-montrouge-au-pied-du-metro\/","og_site_name":"Immobilier Les All\u00e9es","article_modified_time":"2023-04-08T08:35:02+00:00","og_image":[{"width":901,"height":643,"url":"https:\/\/immobilier-lesallees.fr\/agence\/wp-content\/uploads\/2023\/04\/Immobilier-lesallees-Mo109-Balcon-1.jpg","type":"image\/jpeg"}],"twitter_card":"summary_large_image","schema":{"@context":"https:\/\/schema.org","@graph":[{"@type":"WebPage","@id":"https:\/\/immobilier-lesallees.fr\/agence\/property\/deux-pieces-montrouge-au-pied-du-metro\/","url":"https:\/\/immobilier-lesallees.fr\/agence\/property\/deux-pieces-montrouge-au-pied-du-metro\/","name":"Immobilier Les All\u00e9es - Deux pi\u00e8ces Montrouge au pied du m\u00e9tro","isPartOf":{"@id":"https:\/\/immobilier-lesallees.fr\/agence\/#website"},"datePublished":"2023-04-06T14:55:21+00:00","dateModified":"2023-04-08T08:35:02+00:00","breadcrumb":{"@id":"https:\/\/immobilier-lesallees.fr\/agence\/property\/deux-pieces-montrouge-au-pied-du-metro\/#breadcrumb"},"inLanguage":"fr-FR","potentialAction":[{"@type":"ReadAction","target":["https:\/\/immobilier-lesallees.fr\/agence\/property\/deux-pieces-montrouge-au-pied-du-metro\/"]}]},{"@type":"BreadcrumbList","@id":"https:\/\/immobilier-lesallees.fr\/agence\/property\/deux-pieces-montrouge-au-pied-du-metro\/#breadcrumb","itemListElement":[{"@type":"ListItem","position":1,"name":"Accueil","item":"https:\/\/immobilier-lesallees.fr\/agence\/"},{"@type":"ListItem","position":2,"name":"Propri\u00e9t\u00e9s","item":"https:\/\/immobilier-lesallees.fr\/agence\/property\/"},{"@type":"ListItem","position":3,"name":"Deux pi\u00e8ces Montrouge au pied du m\u00e9tro"}]},{"@type":"WebSite","@id":"https:\/\/immobilier-lesallees.fr\/agence\/#website","url":"https:\/\/immobilier-lesallees.fr\/agence\/","name":"Immobilier Les All\u00e9es","description":"Main dans la main, tout au long du chemin...","publisher":{"@id":"https:\/\/immobilier-lesallees.fr\/agence\/#organization"},"potentialAction":[{"@type":"SearchAction","target":{"@type":"EntryPoint","urlTemplate":"https:\/\/immobilier-lesallees.fr\/agence\/?s={search_term_string}"},"query-input":"required name=search_term_string"}],"inLanguage":"fr-FR"},{"@type":"Organization","@id":"https:\/\/immobilier-lesallees.fr\/agence\/#organization","name":"Immobilier Les All\u00e9es","url":"https:\/\/immobilier-lesallees.fr\/agence\/","logo":{"@type":"ImageObject","inLanguage":"fr-FR","@id":"https:\/\/immobilier-lesallees.fr\/agence\/#\/schema\/logo\/image\/","url":"https:\/\/immobilier-lesallees.fr\/agence\/wp-content\/uploads\/2022\/04\/logo_immo-lesalleesForPrint.png","contentUrl":"https:\/\/immobilier-lesallees.fr\/agence\/wp-content\/uploads\/2022\/04\/logo_immo-lesalleesForPrint.png","width":365,"height":43,"caption":"Immobilier Les All\u00e9es"},"image":{"@id":"https:\/\/immobilier-lesallees.fr\/agence\/#\/schema\/logo\/image\/"}}]}},"_links":{"self":[{"href":"https:\/\/immobilier-lesallees.fr\/agence\/wp-json\/wp\/v2\/properties\/18868","targetHints":{"allow":["GET"]}}],"collection":[{"href":"https:\/\/immobilier-lesallees.fr\/agence\/wp-json\/wp\/v2\/properties"}],"about":[{"href":"https:\/\/immobilier-lesallees.fr\/agence\/wp-json\/wp\/v2\/types\/property"}],"author":[{"embeddable":true,"href":"https:\/\/immobilier-lesallees.fr\/agence\/wp-json\/wp\/v2\/users\/3"}],"version-history":[{"count":1,"href":"https:\/\/immobilier-lesallees.fr\/agence\/wp-json\/wp\/v2\/properties\/18868\/revisions"}],"predecessor-version":[{"id":18869,"href":"https:\/\/immobilier-lesallees.fr\/agence\/wp-json\/wp\/v2\/properties\/18868\/revisions\/18869"}],"wp:featuredmedia":[{"embeddable":true,"href":"https:\/\/immobilier-lesallees.fr\/agence\/wp-json\/wp\/v2\/media\/18791"}],"wp:attachment":[{"href":"https:\/\/immobilier-lesallees.fr\/agence\/wp-json\/wp\/v2\/media?parent=18868"}],"wp:term":[{"taxonomy":"property_type","embeddable":true,"href":"https:\/\/immobilier-lesallees.fr\/agence\/wp-json\/wp\/v2\/property_type?post=18868"},{"taxonomy":"property_status","embeddable":true,"href":"https:\/\/immobilier-lesallees.fr\/agence\/wp-json\/wp\/v2\/property_status?post=18868"},{"taxonomy":"property_feature","embeddable":true,"href":"https:\/\/immobilier-lesallees.fr\/agence\/wp-json\/wp\/v2\/property_feature?post=18868"},{"taxonomy":"property_label","embeddable":true,"href":"https:\/\/immobilier-lesallees.fr\/agence\/wp-json\/wp\/v2\/property_label?post=18868"},{"taxonomy":"property_country","embeddable":true,"href":"https:\/\/immobilier-lesallees.fr\/agence\/wp-json\/wp\/v2\/property_country?post=18868"},{"taxonomy":"property_state","embeddable":true,"href":"https:\/\/immobilier-lesallees.fr\/agence\/wp-json\/wp\/v2\/property_state?post=18868"},{"taxonomy":"property_city","embeddable":true,"href":"https:\/\/immobilier-lesallees.fr\/agence\/wp-json\/wp\/v2\/property_city?post=18868"},{"taxonomy":"property_area","embeddable":true,"href":"https:\/\/immobilier-lesallees.fr\/agence\/wp-json\/wp\/v2\/property_area?post=18868"}],"curies":[{"name":"wp","href":"https:\/\/api.w.org\/{rel}","templated":true}]}}